{"id":4301,"date":"2025-06-04T17:59:10","date_gmt":"2025-06-04T15:59:10","guid":{"rendered":"https:\/\/shop.lenez.com\/guia-de-uso-le-nez-du-cafe\/"},"modified":"2025-10-21T14:15:19","modified_gmt":"2025-10-21T12:15:19","slug":"guia-de-uso-le-nez-du-cafe","status":"publish","type":"page","link":"https:\/\/www.lenez.com\/es\/guia-de-uso-le-nez-du-cafe\/","title":{"rendered":"Gu\u00eda de uso &#8211; Le Nez du Caf\u00e9"},"content":{"rendered":"\n<div class=\"container-fluid\">\n<div class=\"banner\" style=\"background: url('https:\/\/www.lenez.com\/wp-content\/uploads\/2025\/07\/6_LNDV_2023_00011-scaled.jpeg'); background-size: cover; background-position: top;\" data-darkreader-inline-bgcolor=\"\">\n<div class=\"content-inn\">\n<div class=\"text-container\">\n<h1 class=\"h2 gtdjdvJjks\" style=\"background-image: url('https:\/\/www.lenez.com\/wp-content\/uploads\/2025\/07\/6_LNDV_2023_00011-scaled.jpeg'); -webkit-background-clip: text; background-clip: text; -webkit-text-fill-color: transparent; background-position: bottom; background-repeat: no-repeat; background-size: cover;\">Gu\u00eda de uso &#8211; Le Nez du Caf\u00e9<\/h1>\n<\/div>\n<\/div>\n<\/div>\n<\/div>\n\n\n\n<div class=\"wp-block-columns UijHGD tab-empile is-layout-flex wp-container-core-columns-is-layout-9d6595d7 wp-block-columns-is-layout-flex\">\n<div class=\"wp-block-column is-layout-flow wp-block-column-is-layout-flow\">\n<h2 class=\"wp-block-heading\">Entrene su olfato<\/h2>\n\n\n\n<p>Seleccione un frasco al azar, sin consultar el nombre del aroma. Huela el frasco y\/o el tap\u00f3n. \u00bfDetecta usted un olor, pero no lo reconoce? No es tan f\u00e1cil. Deje que surjan las evocaciones que crucen su mente, los recuerdos m\u00e1s o menos antiguos, a menudo cargados emocionalmente.<\/p>\n\n\n\n<p>Si las im\u00e1genes que evoca el aroma no le permiten nombrarlo (\u00a1aunque tenga la palabra en la punta de la lengua!), intente identificar a qu\u00e9 familia pertenece: \u00bffrutal, floral, vegetal, amaderado, especiado, animal o incluso tostado? Esta exploraci\u00f3n personal tambi\u00e9n puede realizarse con otras personas. Los intercambios sobre la percepci\u00f3n de los olores est\u00e1n llenos de emociones. Dan pie a un disfrute compartido muy divertido. Escuch\u00e1ndose unos a otros, se puede encontrar la respuesta correcta. \u00a1Pero \u00a1cuidado con dejarse influir!<\/p>\n\n\n\n<p>Mire entonces el n\u00famero del frasco y consulte la lista de respuestas. \u00a1Cuando encuentre el nombre de esta nota, le parecer\u00e1 obvio! Haga lo mismo con otro frasco y repita este entrenamiento con regularidad con unos diez frascos por sesi\u00f3n y volviendo a incluir los que no consigui\u00f3 identificar anteriormente.<\/p>\n\n\n\n<p>En unas semanas, sin duda alguna, estar\u00e1 en condiciones de identificar, reconocer y sobre todo nombrar estos aromas, lo que constituye una clave para reconocer los caf\u00e9s que va a degustar.<\/p>\n\n\n\n<p>Para saber m\u00e1s, siga los consejos y protocolos de cata que se proporcionan en las obras de <em>Le Nez du Caf\u00e9<\/em>. <a href=\"https:\/\/www.lenez.com\/es\/coffret\/cafe\/le-nez-du-cafe-60-aromas\/\">En su versi\u00f3n de 60 aromas<\/a>, un folleto completo ofrece ejercicios y juegos para practicar individualmente o en grupo.<\/p>\n\n\n\n<h2 class=\"wp-block-heading\">Acepte el reto al igual que un profesional<\/h2>\n\n\n\n<p>Desde principios de los a\u00f1os 2000, las formaciones sensoriales sobre caf\u00e9 utilizan los aromas de <em>Le Nez du Caf\u00e9<\/em> para entrenar el olfato de los profesionales. Es el caso del m\u00f3dulo \u00abSabores y Aromas\u00bb de la Speciality Coffee Association (SCA), as\u00ed como del diploma del Q Grader, hoy unificados.<\/p>\n\n\n\n<p>El tipo de ejercicios que plantean:<\/p>\n\n\n\n<ul class=\"wp-block-list\">\n<li>Pregunta n.\u00ba 1 :  Dispone de tres caf\u00e9s de la misma variedad y origen, pero que han recibido tratamientos postcosecha completamente diferentes. Identifique qu\u00e9 caf\u00e9 ha sido secado \u00abal natural\u00bb, \u00abhoney processed\u00bb o \u00ablavado\u00bb. Pregunta adicional: se le sirve un caf\u00e9 con una nota dominante de frutos rojos y una acidez n\u00edtida, pero no demasiado punzante. \u00bfSabr\u00eda decir si fue lavado o no despu\u00e9s de la cosecha?<\/li>\n\n\n\n<li>Pregunta n.\u00ba 2 : Delante de usted hay cuatro clases de acidez distintas, simbolizadas por cuatro frascos de aromas. \u00bfSer\u00eda capaz de identificar y vincular el \u00e1cido m\u00e1lico, el \u00e1cido c\u00edtrico, el \u00e1cido<br\/>l\u00e1ctico y el \u00e1cido tart\u00e1rico con los aromas de lim\u00f3n, vinoso, melocot\u00f3n y manzana?<\/li>\n\n\n\n<li>Pregunta n.\u00ba 3 : Ha comprado en su torrefactor preferido tres caf\u00e9s de origen diferente. Con la ayuda de <em>Le Nez du Caf\u00e9<\/em>, intenta asociar a cada uno los aromas que mejor le correspondan, oli\u00e9ndolos y luego prob\u00e1ndolos a temperaturas cada vez m\u00e1s bajas: a 70\u00b0 C, a 55\u00b0 C y a 40\u00b0 C.<\/li>\n\n\n\n<li>Pregunta n.\u00ba 4 : Pida un mismo caf\u00e9 tostado en diferentes grados. \u00bfSabr\u00e1 asociar las torrefacciones clara, media e italiana a sus aromas y sabores caracter\u00edsticos?<\/li>\n<\/ul>\n\n\n\n<p>Intente replicar estos ejercicios, eligiendo caf\u00e9s de diferentes or\u00edgenes, con tratamientos postcosecha variados o incluso de distintos tostadores. \u00a1El terreno de juego es infinito!<\/p>\n<\/div>\n<\/div>\n","protected":false},"excerpt":{"rendered":"<p>Gu\u00eda de uso &#8211; Le Nez du Caf\u00e9 Entrene su olfato Seleccione un frasco al azar, sin consultar el nombre del aroma. Huela el frasco y\/o el tap\u00f3n. \u00bfDetecta usted un olor, pero no lo reconoce? No es tan f\u00e1cil. Deje que surjan las evocaciones que crucen su mente, los recuerdos m\u00e1s o menos antiguos, [&hellip;]<\/p>\n","protected":false},"author":1,"featured_media":0,"parent":0,"menu_order":0,"comment_status":"closed","ping_status":"closed","template":"","meta":{"_acf_changed":false,"footnotes":""},"class_list":["post-4301","page","type-page","status-publish","hentry"],"acf":[],"yoast_head":"<!-- This site is optimized with the Yoast SEO plugin v27.4 - https:\/\/yoast.com\/product\/yoast-seo-wordpress\/ -->\n<title>Gu\u00eda de uso - Le Nez du Caf\u00e9 - Le Nez du Vin<\/title>\n<meta name=\"robots\" content=\"index, follow, max-snippet:-1, max-image-preview:large, max-video-preview:-1\" \/>\n<link rel=\"canonical\" href=\"https:\/\/www.lenez.com\/es\/guia-de-uso-le-nez-du-cafe\/\" \/>\n<meta property=\"og:locale\" content=\"es_ES\" \/>\n<meta property=\"og:type\" content=\"article\" \/>\n<meta property=\"og:title\" content=\"Gu\u00eda de uso - Le Nez du Caf\u00e9 - Le Nez du Vin\" \/>\n<meta property=\"og:description\" content=\"Gu\u00eda de uso &#8211; Le Nez du Caf\u00e9 Entrene su olfato Seleccione un frasco al azar, sin consultar el nombre del aroma. Huela el frasco y\/o el tap\u00f3n. \u00bfDetecta usted un olor, pero no lo reconoce? No es tan f\u00e1cil. Deje que surjan las evocaciones que crucen su mente, los recuerdos m\u00e1s o menos antiguos, [&hellip;]\" \/>\n<meta property=\"og:url\" content=\"https:\/\/www.lenez.com\/es\/guia-de-uso-le-nez-du-cafe\/\" \/>\n<meta property=\"og:site_name\" content=\"Le Nez du Vin\" \/>\n<meta property=\"article:modified_time\" content=\"2025-10-21T12:15:19+00:00\" \/>\n<meta name=\"twitter:card\" content=\"summary_large_image\" \/>\n<meta name=\"twitter:label1\" content=\"Tiempo de lectura\" \/>\n\t<meta name=\"twitter:data1\" content=\"3 minuto\" \/>\n<script type=\"application\/ld+json\" class=\"yoast-schema-graph\">{\"@context\":\"https:\\\/\\\/schema.org\",\"@graph\":[{\"@type\":\"WebPage\",\"@id\":\"https:\\\/\\\/www.lenez.com\\\/es\\\/guia-de-uso-le-nez-du-cafe\\\/\",\"url\":\"https:\\\/\\\/www.lenez.com\\\/es\\\/guia-de-uso-le-nez-du-cafe\\\/\",\"name\":\"Gu\u00eda de uso - Le Nez du Caf\u00e9 - Le Nez du Vin\",\"isPartOf\":{\"@id\":\"https:\\\/\\\/www.lenez.com\\\/en\\\/#website\"},\"datePublished\":\"2025-06-04T15:59:10+00:00\",\"dateModified\":\"2025-10-21T12:15:19+00:00\",\"breadcrumb\":{\"@id\":\"https:\\\/\\\/www.lenez.com\\\/es\\\/guia-de-uso-le-nez-du-cafe\\\/#breadcrumb\"},\"inLanguage\":\"es\",\"potentialAction\":[{\"@type\":\"ReadAction\",\"target\":[\"https:\\\/\\\/www.lenez.com\\\/es\\\/guia-de-uso-le-nez-du-cafe\\\/\"]}]},{\"@type\":\"BreadcrumbList\",\"@id\":\"https:\\\/\\\/www.lenez.com\\\/es\\\/guia-de-uso-le-nez-du-cafe\\\/#breadcrumb\",\"itemListElement\":[{\"@type\":\"ListItem\",\"position\":1,\"name\":\"Accueil\",\"item\":\"https:\\\/\\\/www.lenez.com\\\/\"},{\"@type\":\"ListItem\",\"position\":2,\"name\":\"Olfactorium\",\"item\":\"https:\\\/\\\/www.lenez.com\\\/es\\\/olfactorium\\\/\"},{\"@type\":\"ListItem\",\"position\":3,\"name\":\"Gu\u00eda de uso &#8211; Le Nez du Caf\u00e9\"}]},{\"@type\":\"WebSite\",\"@id\":\"https:\\\/\\\/www.lenez.com\\\/en\\\/#website\",\"url\":\"https:\\\/\\\/www.lenez.com\\\/en\\\/\",\"name\":\"Le Nez du Vin\",\"description\":\"Site officiel des marques Le Nez du Vin, Le Nez du Caf\u00e9 et Le Nez du Whisky\",\"publisher\":{\"@id\":\"https:\\\/\\\/www.lenez.com\\\/en\\\/#organization\"},\"potentialAction\":[{\"@type\":\"SearchAction\",\"target\":{\"@type\":\"EntryPoint\",\"urlTemplate\":\"https:\\\/\\\/www.lenez.com\\\/en\\\/?s={search_term_string}\"},\"query-input\":{\"@type\":\"PropertyValueSpecification\",\"valueRequired\":true,\"valueName\":\"search_term_string\"}}],\"inLanguage\":\"es\"},{\"@type\":\"Organization\",\"@id\":\"https:\\\/\\\/www.lenez.com\\\/en\\\/#organization\",\"name\":\"Le Nez du Vin\",\"url\":\"https:\\\/\\\/www.lenez.com\\\/en\\\/\",\"logo\":{\"@type\":\"ImageObject\",\"inLanguage\":\"es\",\"@id\":\"https:\\\/\\\/www.lenez.com\\\/en\\\/#\\\/schema\\\/logo\\\/image\\\/\",\"url\":\"https:\\\/\\\/www.lenez.com\\\/wp-content\\\/uploads\\\/2025\\\/05\\\/EJL_LOGO_2019.jpg\",\"contentUrl\":\"https:\\\/\\\/www.lenez.com\\\/wp-content\\\/uploads\\\/2025\\\/05\\\/EJL_LOGO_2019.jpg\",\"width\":2362,\"height\":2362,\"caption\":\"Le Nez du Vin\"},\"image\":{\"@id\":\"https:\\\/\\\/www.lenez.com\\\/en\\\/#\\\/schema\\\/logo\\\/image\\\/\"}}]}<\/script>\n<!-- \/ Yoast SEO plugin. -->","yoast_head_json":{"title":"Gu\u00eda de uso - Le Nez du Caf\u00e9 - Le Nez du Vin","robots":{"index":"index","follow":"follow","max-snippet":"max-snippet:-1","max-image-preview":"max-image-preview:large","max-video-preview":"max-video-preview:-1"},"canonical":"https:\/\/www.lenez.com\/es\/guia-de-uso-le-nez-du-cafe\/","og_locale":"es_ES","og_type":"article","og_title":"Gu\u00eda de uso - Le Nez du Caf\u00e9 - Le Nez du Vin","og_description":"Gu\u00eda de uso &#8211; Le Nez du Caf\u00e9 Entrene su olfato Seleccione un frasco al azar, sin consultar el nombre del aroma. Huela el frasco y\/o el tap\u00f3n. \u00bfDetecta usted un olor, pero no lo reconoce? No es tan f\u00e1cil. Deje que surjan las evocaciones que crucen su mente, los recuerdos m\u00e1s o menos antiguos, [&hellip;]","og_url":"https:\/\/www.lenez.com\/es\/guia-de-uso-le-nez-du-cafe\/","og_site_name":"Le Nez du Vin","article_modified_time":"2025-10-21T12:15:19+00:00","twitter_card":"summary_large_image","twitter_misc":{"Tiempo de lectura":"3 minuto"},"schema":{"@context":"https:\/\/schema.org","@graph":[{"@type":"WebPage","@id":"https:\/\/www.lenez.com\/es\/guia-de-uso-le-nez-du-cafe\/","url":"https:\/\/www.lenez.com\/es\/guia-de-uso-le-nez-du-cafe\/","name":"Gu\u00eda de uso - Le Nez du Caf\u00e9 - Le Nez du Vin","isPartOf":{"@id":"https:\/\/www.lenez.com\/en\/#website"},"datePublished":"2025-06-04T15:59:10+00:00","dateModified":"2025-10-21T12:15:19+00:00","breadcrumb":{"@id":"https:\/\/www.lenez.com\/es\/guia-de-uso-le-nez-du-cafe\/#breadcrumb"},"inLanguage":"es","potentialAction":[{"@type":"ReadAction","target":["https:\/\/www.lenez.com\/es\/guia-de-uso-le-nez-du-cafe\/"]}]},{"@type":"BreadcrumbList","@id":"https:\/\/www.lenez.com\/es\/guia-de-uso-le-nez-du-cafe\/#breadcrumb","itemListElement":[{"@type":"ListItem","position":1,"name":"Accueil","item":"https:\/\/www.lenez.com\/"},{"@type":"ListItem","position":2,"name":"Olfactorium","item":"https:\/\/www.lenez.com\/es\/olfactorium\/"},{"@type":"ListItem","position":3,"name":"Gu\u00eda de uso &#8211; Le Nez du Caf\u00e9"}]},{"@type":"WebSite","@id":"https:\/\/www.lenez.com\/en\/#website","url":"https:\/\/www.lenez.com\/en\/","name":"Le Nez du Vin","description":"Site officiel des marques Le Nez du Vin, Le Nez du Caf\u00e9 et Le Nez du Whisky","publisher":{"@id":"https:\/\/www.lenez.com\/en\/#organization"},"potentialAction":[{"@type":"SearchAction","target":{"@type":"EntryPoint","urlTemplate":"https:\/\/www.lenez.com\/en\/?s={search_term_string}"},"query-input":{"@type":"PropertyValueSpecification","valueRequired":true,"valueName":"search_term_string"}}],"inLanguage":"es"},{"@type":"Organization","@id":"https:\/\/www.lenez.com\/en\/#organization","name":"Le Nez du Vin","url":"https:\/\/www.lenez.com\/en\/","logo":{"@type":"ImageObject","inLanguage":"es","@id":"https:\/\/www.lenez.com\/en\/#\/schema\/logo\/image\/","url":"https:\/\/www.lenez.com\/wp-content\/uploads\/2025\/05\/EJL_LOGO_2019.jpg","contentUrl":"https:\/\/www.lenez.com\/wp-content\/uploads\/2025\/05\/EJL_LOGO_2019.jpg","width":2362,"height":2362,"caption":"Le Nez du Vin"},"image":{"@id":"https:\/\/www.lenez.com\/en\/#\/schema\/logo\/image\/"}}]}},"_links":{"self":[{"href":"https:\/\/www.lenez.com\/es\/wp-json\/wp\/v2\/pages\/4301","targetHints":{"allow":["GET"]}}],"collection":[{"href":"https:\/\/www.lenez.com\/es\/wp-json\/wp\/v2\/pages"}],"about":[{"href":"https:\/\/www.lenez.com\/es\/wp-json\/wp\/v2\/types\/page"}],"author":[{"embeddable":true,"href":"https:\/\/www.lenez.com\/es\/wp-json\/wp\/v2\/users\/1"}],"replies":[{"embeddable":true,"href":"https:\/\/www.lenez.com\/es\/wp-json\/wp\/v2\/comments?post=4301"}],"version-history":[{"count":6,"href":"https:\/\/www.lenez.com\/es\/wp-json\/wp\/v2\/pages\/4301\/revisions"}],"predecessor-version":[{"id":7004,"href":"https:\/\/www.lenez.com\/es\/wp-json\/wp\/v2\/pages\/4301\/revisions\/7004"}],"wp:attachment":[{"href":"https:\/\/www.lenez.com\/es\/wp-json\/wp\/v2\/media?parent=4301"}],"curies":[{"name":"wp","href":"https:\/\/api.w.org\/{rel}","templated":true}]}}